{"id":1099,"date":"2024-12-05T15:38:00","date_gmt":"2024-12-05T15:38:00","guid":{"rendered":"https:\/\/acompanhamais.cm-tavira.pt\/index.php\/projeto\/29-requalificar-o-centro-de-saude-como-previsto-no-plano-de-recuperacao-e-resiliencia-de-modo-a-proporcionar-mais-e-melhores-respostas-de-cuidados-de-saude-primarios\/"},"modified":"2025-05-13T17:51:00","modified_gmt":"2025-05-13T16:51:00","slug":"29-requalificar-o-centro-de-saude-como-previsto-no-plano-de-recuperacao-e-resiliencia-de-modo-a-proporcionar-mais-e-melhores-respostas-de-cuidados-de-saude-primarios","status":"publish","type":"projeto","link":"https:\/\/acompanhamais.cm-tavira.pt\/index.php\/projeto\/29-requalificar-o-centro-de-saude-como-previsto-no-plano-de-recuperacao-e-resiliencia-de-modo-a-proporcionar-mais-e-melhores-respostas-de-cuidados-de-saude-primarios\/","title":{"rendered":"29. Requalificar o Centro de Sa\u00fade, como previsto no Plano de Recupera\u00e7\u00e3o e Resili\u00eancia, de modo a proporcionar mais e melhores respostas de cuidados de sa\u00fade prim\u00e1rios"},"content":{"rendered":"","protected":false},"template":"","tags":[],"sub_categoria":[135],"fase_do_projeto":[8],"freguesias":[30,29,32],"mandatos":[24],"class_list":["post-1099","projeto","type-projeto","status-publish","hentry","sub_categoria-saude","fase_do_projeto-executado","freguesia-freguesia-de-conceicao","freguesia-freguesia-de-luz-de-tavira","freguesia-freguesia-de-tavira-santa-maria-e-santiago","mandato-mandato-2021-2025"],"conteudo":{"value":"Ap\u00f3s termos apresentado o projeto no Dia da Cidade de Tavira, j\u00e1 foi lan\u00e7ada a empreitada de execu\u00e7\u00e3o com o valor base de \u20ac9.856.965,43.\r\n\r\nContinuamos a acompanhar a implementa\u00e7\u00e3o da Unidade de Consultas Externas de Alta Resolu\u00e7\u00e3o e Diagn\u00f3stico Ambulat\u00f3rio e Sede do ACES (Agrupamentos de Centros de Sa\u00fade) do Sotavento, para garantir que os objetivos definidos sejam plenamente alcan\u00e7ados.\r\n\r\nFoi aberto procedimento para execu\u00e7\u00e3o da empreitada de amplia\u00e7\u00e3o da unidade de sa\u00fade de Concei\u00e7\u00e3o\/Cabanas, no valor de 678.407,40 \u20ac.\r\n\r\n&nbsp;","rendered":"<p>Ap\u00f3s termos apresentado o projeto no Dia da Cidade de Tavira, j\u00e1 foi lan\u00e7ada a empreitada de execu\u00e7\u00e3o com o valor base de \u20ac9.856.965,43.<\/p>\n<p>Continuamos a acompanhar a implementa\u00e7\u00e3o da Unidade de Consultas Externas de Alta Resolu\u00e7\u00e3o e Diagn\u00f3stico Ambulat\u00f3rio e Sede do ACES (Agrupamentos de Centros de Sa\u00fade) do Sotavento, para garantir que os objetivos definidos sejam plenamente alcan\u00e7ados.<\/p>\n<p>Foi aberto procedimento para execu\u00e7\u00e3o da empreitada de amplia\u00e7\u00e3o da unidade de sa\u00fade de Concei\u00e7\u00e3o\/Cabanas, no valor de 678.407,40 \u20ac.<\/p>\n<p>&nbsp;<\/p>\n"},"imagem":{"value":false,"rendered":false},"ordem":{"value":"1","rendered":"1"},"_links":{"self":[{"href":"https:\/\/acompanhamais.cm-tavira.pt\/index.php\/wp-json\/wp\/v2\/projetos\/1099","targetHints":{"allow":["GET"]}}],"collection":[{"href":"https:\/\/acompanhamais.cm-tavira.pt\/index.php\/wp-json\/wp\/v2\/projetos"}],"about":[{"href":"https:\/\/acompanhamais.cm-tavira.pt\/index.php\/wp-json\/wp\/v2\/types\/projeto"}],"wp:attachment":[{"href":"https:\/\/acompanhamais.cm-tavira.pt\/index.php\/wp-json\/wp\/v2\/media?parent=1099"}],"wp:term":[{"taxonomy":"post_tag","embeddable":true,"href":"https:\/\/acompanhamais.cm-tavira.pt\/index.php\/wp-json\/wp\/v2\/tags?post=1099"},{"taxonomy":"sub_categoria","embeddable":true,"href":"https:\/\/acompanhamais.cm-tavira.pt\/index.php\/wp-json\/wp\/v2\/sub_categoria?post=1099"},{"taxonomy":"fase_do_projeto","embeddable":true,"href":"https:\/\/acompanhamais.cm-tavira.pt\/index.php\/wp-json\/wp\/v2\/fase_do_projeto?post=1099"},{"taxonomy":"freguesia","embeddable":true,"href":"https:\/\/acompanhamais.cm-tavira.pt\/index.php\/wp-json\/wp\/v2\/freguesias?post=1099"},{"taxonomy":"mandato","embeddable":true,"href":"https:\/\/acompanhamais.cm-tavira.pt\/index.php\/wp-json\/wp\/v2\/mandatos?post=1099"}],"curies":[{"name":"wp","href":"https:\/\/api.w.org\/{rel}","templated":true}]}}