{"id":1114,"date":"2024-12-05T15:38:04","date_gmt":"2024-12-05T15:38:04","guid":{"rendered":"https:\/\/acompanhamais.cm-tavira.pt\/index.php\/projeto\/44-prosseguir-e-intensificar-o-trabalho-em-torno-da-dieta-mediterranica-como-simbolo-de-tavira-promovendo-e-disseminando-um-conjunto-de-iniciativas-junto-da-populacao-especialmente-na-comunidade-es\/"},"modified":"2024-12-10T15:17:50","modified_gmt":"2024-12-10T15:17:50","slug":"44-prosseguir-e-intensificar-o-trabalho-em-torno-da-dieta-mediterranica-como-simbolo-de-tavira-promovendo-e-disseminando-um-conjunto-de-iniciativas-junto-da-populacao-especialmente-na-comunidade-es","status":"publish","type":"projeto","link":"https:\/\/acompanhamais.cm-tavira.pt\/index.php\/projeto\/44-prosseguir-e-intensificar-o-trabalho-em-torno-da-dieta-mediterranica-como-simbolo-de-tavira-promovendo-e-disseminando-um-conjunto-de-iniciativas-junto-da-populacao-especialmente-na-comunidade-es\/","title":{"rendered":"44. Prosseguir e intensificar o trabalho em torno da Dieta Mediterr\u00e2nica como s\u00edmbolo de Tavira, promovendo e disseminando um conjunto de iniciativas junto da popula\u00e7\u00e3o, especialmente na comunidade escolar e nos mercados municipais, promovendo ainda uma rede de produtos e servi\u00e7os associados \u00e0 marca \u201cDieta Mediterr\u00e2nica\u201d cumprindo o plano de salvaguarda e dando a conhecer os valores e benef\u00edcios da mesma"},"content":{"rendered":"","protected":false},"template":"","tags":[],"sub_categoria":[138],"fase_do_projeto":[8],"freguesias":[27,30,29,28,31,32],"mandatos":[24],"class_list":["post-1114","projeto","type-projeto","status-publish","hentry","sub_categoria-dieta-mediterranica","fase_do_projeto-executado","freguesia-freguesia-de-cachopo","freguesia-freguesia-de-conceicao","freguesia-freguesia-de-luz-de-tavira","freguesia-freguesia-de-santa-catarina-fonte-do-bispo","freguesia-freguesia-de-santa-luzia","freguesia-freguesia-de-tavira-santa-maria-e-santiago","mandato-mandato-2021-2025"],"conteudo":{"value":"Cumprimos!\r\n\r\nReconhecemos a import\u00e2ncia da Dieta Mediterr\u00e2nica para o concelho e, por isso, continu\u00e1mos a promover diversas iniciativas, nomeadamente:\r\n<ul>\r\n \t<li>Realiza\u00e7\u00e3o da <a href=\"http:\/\/www.dietamediterranica.pt\/?q=pt\">Feira da Dieta Mediterr\u00e2nica<\/a>, com v\u00e1rias atividades ao longo de todo o m\u00eas;<\/li>\r\n \t<li>Produ\u00e7\u00e3o dos folhetos e do livro \"<a href=\"http:\/\/www.dietamediterranica.pt\/alimentos-do-mes\/2024\">Alimentos do M\u00eas<\/a>\";<\/li>\r\n \t<li>Condu\u00e7\u00e3o de oficinas de artes tradicionais e diversas atividades do servi\u00e7o educativo do Museu Municipal de Tavira;<\/li>\r\n \t<li>Celebra\u00e7\u00e3o dos 10 anos da candidatura de Tavira \u00e0 Dieta Mediterr\u00e2nica, com a organiza\u00e7\u00e3o de atividades espec\u00edficas para assinalar esta importante data.<\/li>\r\n<\/ul>\r\n&nbsp;\r\n\r\n<img class=\"alignnone wp-image-1218\" src=\"https:\/\/acompanhamais.cm-tavira.pt\/wp-content\/uploads\/2024\/12\/286_195-300x200.jpg\" alt=\"\" width=\"323\" height=\"215\" \/>","rendered":"<p>Cumprimos!<\/p>\n<p>Reconhecemos a import\u00e2ncia da Dieta Mediterr\u00e2nica para o concelho e, por isso, continu\u00e1mos a promover diversas iniciativas, nomeadamente:<\/p>\n<ul>\n<li>Realiza\u00e7\u00e3o da <a href=\"http:\/\/www.dietamediterranica.pt\/?q=pt\">Feira da Dieta Mediterr\u00e2nica<\/a>, com v\u00e1rias atividades ao longo de todo o m\u00eas;<\/li>\n<li>Produ\u00e7\u00e3o dos folhetos e do livro &#8220;<a href=\"http:\/\/www.dietamediterranica.pt\/alimentos-do-mes\/2024\">Alimentos do M\u00eas<\/a>&#8220;;<\/li>\n<li>Condu\u00e7\u00e3o de oficinas de artes tradicionais e diversas atividades do servi\u00e7o educativo do Museu Municipal de Tavira;<\/li>\n<li>Celebra\u00e7\u00e3o dos 10 anos da candidatura de Tavira \u00e0 Dieta Mediterr\u00e2nica, com a organiza\u00e7\u00e3o de atividades espec\u00edficas para assinalar esta importante data.<\/li>\n<\/ul>\n<p>&nbsp;<\/p>\n<p><img class=\"alignnone wp-image-1218\" src=\"https:\/\/acompanhamais.cm-tavira.pt\/wp-content\/uploads\/2024\/12\/286_195-300x200.jpg\" alt=\"\" width=\"323\" height=\"215\" \/><\/p>\n"},"imagem":{"value":false,"rendered":false},"ordem":{"value":[],"rendered":""},"_links":{"self":[{"href":"https:\/\/acompanhamais.cm-tavira.pt\/index.php\/wp-json\/wp\/v2\/projetos\/1114","targetHints":{"allow":["GET"]}}],"collection":[{"href":"https:\/\/acompanhamais.cm-tavira.pt\/index.php\/wp-json\/wp\/v2\/projetos"}],"about":[{"href":"https:\/\/acompanhamais.cm-tavira.pt\/index.php\/wp-json\/wp\/v2\/types\/projeto"}],"wp:attachment":[{"href":"https:\/\/acompanhamais.cm-tavira.pt\/index.php\/wp-json\/wp\/v2\/media?parent=1114"}],"wp:term":[{"taxonomy":"post_tag","embeddable":true,"href":"https:\/\/acompanhamais.cm-tavira.pt\/index.php\/wp-json\/wp\/v2\/tags?post=1114"},{"taxonomy":"sub_categoria","embeddable":true,"href":"https:\/\/acompanhamais.cm-tavira.pt\/index.php\/wp-json\/wp\/v2\/sub_categoria?post=1114"},{"taxonomy":"fase_do_projeto","embeddable":true,"href":"https:\/\/acompanhamais.cm-tavira.pt\/index.php\/wp-json\/wp\/v2\/fase_do_projeto?post=1114"},{"taxonomy":"freguesia","embeddable":true,"href":"https:\/\/acompanhamais.cm-tavira.pt\/index.php\/wp-json\/wp\/v2\/freguesias?post=1114"},{"taxonomy":"mandato","embeddable":true,"href":"https:\/\/acompanhamais.cm-tavira.pt\/index.php\/wp-json\/wp\/v2\/mandatos?post=1114"}],"curies":[{"name":"wp","href":"https:\/\/api.w.org\/{rel}","templated":true}]}}